{"id":2177,"date":"2017-05-20T17:54:03","date_gmt":"2017-05-20T15:54:03","guid":{"rendered":"http:\/\/www.svetilka-dom.si\/tinki-svetila\/?page_id=2177"},"modified":"2021-05-23T19:46:26","modified_gmt":"2021-05-23T17:46:26","slug":"reference","status":"publish","type":"page","link":"https:\/\/www.svetilka-dom.si\/tinki-svetila\/tinki\/reference\/","title":{"rendered":"Reference"},"content":{"rendered":"<p>[vc_row type=&#8221;full_width_content&#8221;][vc_column][vc_empty_space height=&#8221;20px&#8221;][\/vc_column][\/vc_row][vc_row type=&#8221;full_width_background&#8221; bg_color=&#8221;#ffffff&#8221; bottom_padding=&#8221;20&#8243;][vc_column][block_title title=&#8221;Z pomo\u010djo na\u0161ih partnerjev&#8221;]<\/p>\n<h3 style=\"text-align: center;\">Pomagamo tudi vam<\/h3>\n<p>[\/block_title][\/vc_column][\/vc_row][vc_row type=&#8221;full_width_background&#8221; bg_color=&#8221;#ff9632&#8243; top_padding=&#8221;40&#8243; bottom_padding=&#8221;40&#8243;][vc_column][textbar title=&#8221;NOVO &gt; Italijanski LED specialist &#8211; svetila BRAGA ILLUMINAZIONE&#8221; button_title=&#8221;braga portfelj&#8221; button_link=&#8221;https:\/\/www.svetilka-dom.si\/tinki-svetila\/codeless_portfolio\/braga-illuminazione\/&#8221; icon=&#8221;moon-certificate&#8221;][\/vc_column][\/vc_row][vc_row][vc_column][clients][\/vc_column][\/vc_row][vc_row type=&#8221;full_width_background&#8221; bg_color=&#8221;#f5f5f5&#8243;][vc_column][block_title title=&#8221;Komu in kaj smo ustregli&#8221;]Reference ali priporo\u010dila &#8211; oziroma katera dela in usluge, ter za koga smo jih do sedaj uspe\u0161no opravili.<\/p>\n<p>Reference se sproti dopolnjujejo.[\/block_title][\/vc_column][\/vc_row][vc_row][vc_column width=&#8221;1\/4&#8243;][vc_column_text]<img decoding=\"async\" src=\"http:\/\/www.svetilka-dom.si\/tinki-svetila\/wp-content\/uploads\/2018\/12\/stari_farovz_bled_tinki-elektro_b.jpg\" class=\"img-circle\">[\/vc_column_text][vc_column_text]<strong>Stari farov\u017e<\/strong> (staro \u017eupni\u0161\u010de) <strong>Bled <\/strong><\/p>\n<p><span class=\"Normal-C-C1\">Projektiranje osvetlitve, dobava in monta\u017ea svetil<\/span><\/p>\n<p>[\/vc_column_text][\/vc_column][vc_column width=&#8221;1\/4&#8243;][vc_column_text]<img decoding=\"async\" src=\"http:\/\/www.svetilka-dom.si\/tinki-svetila\/wp-content\/uploads\/slike\/reference\/sveti_martin_bled_tinki_elektro.jpg\" class=\"img-circle\">[\/vc_column_text][vc_column_text]<strong><span class=\"Normal-C-C2\">Cerkev \u00a0svetega Martina na Bledu<\/span><\/strong><\/p>\n<p><span class=\"Normal-C-C1\">Projektiranje osvetlitve, dobava in monta\u017ea svetil<\/span>[\/vc_column_text][\/vc_column][vc_column width=&#8221;1\/4&#8243;][vc_column_text]<img decoding=\"async\" src=\"http:\/\/www.svetilka-dom.si\/tinki-svetila\/wp-content\/uploads\/2017\/07\/priporocila_tinki-elektro_vecstanovanjski_objekt-.jpg\" class=\"img-circle\">[\/vc_column_text][vc_column_text]<strong><span class=\"Normal-C-C2\">Ve\u010dstanovanjska\u00a0<\/span><\/strong><span class=\"Normal-C-C2\"><strong>hi\u0161a* \u0160kofja Loka<\/strong><\/span><\/p>\n<p><span class=\"Normal-C-C2\"><span class=\"Normal-C-C1\">Dobava in monta\u017ea &#8220;retro&#8221; stkal. Monta\u017ea svetil\u00a0\u00a0 2016<br \/>\n<\/span><\/span><\/p>\n<p>*naklju\u010dna slika[\/vc_column_text][\/vc_column][vc_column width=&#8221;1\/4&#8243;][vc_column_text]<img decoding=\"async\" src=\"http:\/\/www.svetilka-dom.si\/tinki-svetila\/wp-content\/uploads\/2017\/07\/frizerski_salon_retro_tinki-1-1.jpg\" class=\"img-circle\">[\/vc_column_text][vc_column_text]<strong>Frizerski salon* Figaro in MA neprimi\u010dinska\u00a0agencija<\/strong> <strong>Vir pri Dom\u017ealah<\/strong><\/p>\n<p>Svetovanje, dobava in monta\u017ea Retro stikal in razsvetljave\u00a0\u00a0 2016<\/p>\n<p>*naklju\u010dna slika[\/vc_column_text][\/vc_column][\/vc_row][vc_row][vc_column width=&#8221;1\/4&#8243;][vc_column_text]<img decoding=\"async\" src=\"http:\/\/www.svetilka-dom.si\/tinki-svetila\/wp-content\/uploads\/2017\/07\/karmel_samostan_elektro_dela_tinki_b-.jpg\" class=\"img-circle\">[\/vc_column_text][vc_column_text]<strong>Karmeli\u010danski samostan,<\/strong> <strong>Sora pri Medvodah<\/strong><\/p>\n<p>Redna elektrotehni\u010dna vzdr\u017eevalna dela \u00a0 2012-2016<\/p>\n<p>[\/vc_column_text][\/vc_column][vc_column width=&#8221;1\/4&#8243;][vc_column_text]<img decoding=\"async\" src=\"http:\/\/www.svetilka-dom.si\/tinki-svetila\/wp-content\/uploads\/2017\/07\/priporocila_tinki-elektro_stanovanjski_objekt.jpg\" class=\"img-circle\">[\/vc_column_text][vc_column_text]<strong>Stanovanjska hi\u0161a Verov\u0161kova,<\/strong> <strong>Ljubljana<\/strong><\/p>\n<p>Podizvajalec elektrotehni\u010dnih del \u00a0 2016<\/p>\n<p>*naklju\u010dna slika[\/vc_column_text][\/vc_column][vc_column width=&#8221;1\/4&#8243;][vc_column_text]<img decoding=\"async\" src=\"http:\/\/www.svetilka-dom.si\/tinki-svetila\/wp-content\/uploads\/2017\/07\/elektronabava_ljubljana_tinki_sejem_dom-.jpg\" class=\"img-circle\">[\/vc_column_text][vc_column_text]<strong>Elektronabava d.o.o. Ljubljana<\/strong><\/p>\n<p>Zamenjava vse zasilne razsvetljave, poslovni objekt\u00a0\u00a0 2017[\/vc_column_text][\/vc_column][vc_column width=&#8221;1\/4&#8243;][vc_column_text]<img decoding=\"async\" src=\"http:\/\/www.svetilka-dom.si\/tinki-svetila\/wp-content\/uploads\/2017\/07\/elektronabava_tinki_elektro-.jpg\" class=\"img-circle\">[\/vc_column_text][vc_column_text]<strong>Elektronabava d.o.o.<\/strong> <strong>Ljubljana, PE Novo Mesto<\/strong><\/p>\n<p>Monta\u017ea LED razsvetljave \u00a0 2016[\/vc_column_text][\/vc_column][\/vc_row][vc_row][vc_column width=&#8221;1\/4&#8243;][vc_column_text]<img decoding=\"async\" src=\"http:\/\/www.svetilka-dom.si\/tinki-svetila\/wp-content\/uploads\/2017\/07\/priporocila_tinki-elektro_stanovanjski_objekt.jpg\" class=\"img-circle\">[\/vc_column_text][vc_column_text]<strong>Stanovanjska hi\u0161a* Borovnica<\/strong><\/p>\n<p>Podizvajalec elektroin\u0161talacijskih del\u00a0<strong>\u00a0 <\/strong>2016<\/p>\n<p>[\/vc_column_text][\/vc_column][vc_column width=&#8221;1\/4&#8243;][vc_column_text]<img decoding=\"async\" src=\"http:\/\/www.svetilka-dom.si\/tinki-svetila\/wp-content\/uploads\/2017\/07\/frizerski_salon_retro_tinki-1-1.jpg\" class=\"img-circle\">[\/vc_column_text][vc_column_text]<strong>Frizerski salon* \u010crnu\u010de<\/strong><\/p>\n<p>Svetovanje, dobava in\u00a0monta\u017ea LED razsvetljave\u00a0<strong>\u00a0 <\/strong>2016[\/vc_column_text][\/vc_column][vc_column width=&#8221;1\/4&#8243;][vc_column_text]<img decoding=\"async\" src=\"http:\/\/www.svetilka-dom.si\/tinki-svetila\/wp-content\/uploads\/2017\/07\/hotel_rudnik_dobava_svetil_tinki_elektro-.jpg\" class=\"img-circle\">[\/vc_column_text][vc_column_text]<strong>Hotel<\/strong> <strong>Rudnik<\/strong><\/p>\n<p>Dobava LED svetil in svetovanje\u00a0\u00a0 2016[\/vc_column_text][\/vc_column][vc_column width=&#8221;1\/4&#8243;][vc_column_text]<img decoding=\"async\" src=\"http:\/\/www.svetilka-dom.si\/tinki-svetila\/wp-content\/uploads\/2017\/07\/prenocisca-kralj_retro-stikala_tinki-.jpg\" class=\"img-circle\">[\/vc_column_text][vc_column_text]<strong>Preno\u010di\u0161\u010da Kralj Moste pri Komendi<\/strong><\/p>\n<p>Dobava in monta\u017ea retro stikal <strong>\u00a0\u00a0<\/strong> 2016[\/vc_column_text][\/vc_column][\/vc_row][vc_row][vc_column width=&#8221;1\/4&#8243;][vc_column_text]<img decoding=\"async\" src=\"http:\/\/www.svetilka-dom.si\/tinki-svetila\/wp-content\/uploads\/2017\/07\/pizzerija_kranj_led_elektro_tinki-.jpg\" class=\"img-circle\">[\/vc_column_text][vc_column_text]<strong>Pizzerija Kranj <\/strong><\/p>\n<p>Dobava in monta\u017ea LED razsvetljave\u00a0\u00a0 2016<\/p>\n<p>*naklju\u010dna slika-ikona<\/p>\n<p>[\/vc_column_text][\/vc_column][vc_column width=&#8221;1\/4&#8243;][vc_column_text]<img decoding=\"async\" src=\"http:\/\/www.svetilka-dom.si\/tinki-svetila\/wp-content\/uploads\/2017\/07\/skladi\u010de_razsvetljava_elektro-tinki-.jpg\" class=\"img-circle\">[\/vc_column_text][vc_column_text]<strong>Tom-Met d.o.o.<\/strong> <strong>Podskrajnik<\/strong><\/p>\n<p>Svetovanje, dobava in monta\u017ea LED\u00a0razsvetljave &#8211; skladi\u0161\u010de \u00a0\u00a0 2017[\/vc_column_text][\/vc_column][vc_column width=&#8221;1\/4&#8243;][vc_column_text]<img decoding=\"async\" src=\"http:\/\/www.svetilka-dom.si\/tinki-svetila\/wp-content\/uploads\/2017\/07\/elektronabava_ljubljana_tinki.jpg\" class=\"img-circle\">[\/vc_column_text][vc_column_text]<strong>Elektronabava d.o.o.<\/strong> <strong>Ljubljana<\/strong><\/p>\n<p>Postavitev in monta\u017ea razstavnih svetil na sejemu Dom\u00a0 \u00a0 2017[\/vc_column_text][\/vc_column][vc_column width=&#8221;1\/4&#8243;][vc_column_text]<img decoding=\"async\" src=\"http:\/\/www.svetilka-dom.si\/tinki-svetila\/wp-content\/uploads\/2017\/07\/priporocila_tinki-elektro_vecstanovanjski_objekt-.jpg\" class=\"img-circle\">[\/vc_column_text][vc_column_text]<strong> Stanovanjski objekt Kamnik<\/strong><\/p>\n<p>Projektiranje razsvetljave, dobava in monta\u017ea\u00a0\u00a0\u00a0 2017[\/vc_column_text][\/vc_column][\/vc_row][vc_row][vc_column width=&#8221;1\/4&#8243;][vc_column_text]<img decoding=\"async\" src=\"http:\/\/www.svetilka-dom.si\/tinki-svetila\/wp-content\/uploads\/2017\/07\/hotel_munchen_sanacija_razsvetljave_tinki-svetila-.jpg\" class=\"img-circle\">[\/vc_column_text][vc_column_text]<strong>Hotel<\/strong> <strong>Munchen Nem\u010dija<\/strong><\/p>\n<p>Menjava in sanacija razsvetljave <strong>\u00a0 <\/strong>2017<\/p>\n<p>&nbsp;<\/p>\n<p>&nbsp;<\/p>\n<p>[\/vc_column_text][\/vc_column][vc_column width=&#8221;1\/4&#8243;][vc_column_text]<img decoding=\"async\" src=\"http:\/\/www.svetilka-dom.si\/tinki-svetila\/wp-content\/uploads\/2017\/07\/priporocila_tinki-elektro_stanovanjski_objekt.jpg\" class=\"img-circle\">[\/vc_column_text][vc_column_text]<strong>Stanovanjska enota*<\/strong> <strong>Postojna<\/strong><\/p>\n<p>Svetovanje in zamenjava razsvetljave\u00a0\u00a0\u00a0 2017[\/vc_column_text][\/vc_column][vc_column width=&#8221;1\/4&#8243;][vc_column_text]<img decoding=\"async\" src=\"http:\/\/www.svetilka-dom.si\/tinki-svetila\/wp-content\/uploads\/2017\/07\/kabinet_01_led_rzsvetljava_tinki_svetila-.jpg\" class=\"img-circle\">[\/vc_column_text][vc_column_text]<strong>KABINET 01\u00a0 d.o.o.<\/strong> <strong>Ljubljana<\/strong><\/p>\n<p>Monta\u017ea led razsvetljave \u00a0\u00a0\u00a0 2017[\/vc_column_text][\/vc_column][vc_column width=&#8221;1\/4&#8243;][vc_column_text]<img decoding=\"async\" src=\"http:\/\/www.svetilka-dom.si\/tinki-svetila\/wp-content\/uploads\/2017\/07\/priporocila_tinki-elektro_vecstanovanjski_objekt-.jpg\" class=\"img-circle\">[\/vc_column_text][vc_column_text]<strong>Stanovanjski blok*, Trebinjska 5 in 7\u00a0<\/strong> <strong>Ljubljana<\/strong><\/p>\n<p>Svetovanje, dobava in monta\u017ea senzorskih svetil\u00a0<strong>\u00a0\u00a0 <\/strong>2017<\/p>\n<p>Monta\u017ea videofonov\u00a0\u00a0\u00a0 2017[\/vc_column_text][\/vc_column][\/vc_row][vc_row type=&#8221;full_width_background&#8221; bg_color=&#8221;#ff9632&#8243; top_padding=&#8221;40&#8243; bottom_padding=&#8221;40&#8243;][vc_column][textbar title=&#8221;NOVO &gt; Elektri\u010dno talno gretje z odli\u010dnimi ocenami uporabnikov !&#8221; style=&#8221;style_2&#8243; button_title=&#8221;Poglej in pokli\u010di 051 425 276&#8243; button_link=&#8221;https:\/\/www.mojmojster.net\/clanek\/1194\/elektricno_talno_ogrevanje_grelna_folija_ali_grelna_preproga&#8221;][\/vc_column][\/vc_row][vc_row type=&#8221;full_width_background&#8221; bg_image=&#8221;1010&#8243; parallax_bg=&#8221;true&#8221; overlay=&#8221;true&#8221; overlay_color=&#8221;#f2f2f2&#8243; text_color=&#8221;custom&#8221; custom_text_color=&#8221;#2e2e2e&#8221;][vc_column font_color=&#8221;#2e2e2e&#8221;][block_title title=&#8221;Posku\u0161amo narediti \u0161e bolj\u0161e&#8221;]<em><strong><span class=\"Body-C-C12\">Za vas dragi kupci. Sodelovanje z svojimi partnerji in strankami krepimo vsak dan vse bolj. Sledi nam vse ve\u010d, vse bolj\u0161ih priporo\u010dil, ki govorijo o ustreznosti odlo\u010ditev.<\/span><\/strong><\/em>[\/block_title][\/vc_column][\/vc_row]<\/p>\n","protected":false},"excerpt":{"rendered":"<p>[vc_row type=&#8221;full_width_content&#8221;][vc_column][vc_empty_space height=&#8221;20px&#8221;][\/vc_column][\/vc_row][vc_row type=&#8221;full_width_background&#8221; bg_color=&#8221;#ffffff&#8221; bottom_padding=&#8221;20&#8243;][vc_column][block_title title=&#8221;Z pomo\u010djo na\u0161ih partnerjev&#8221;] Pomagamo tudi vam [\/block_title][\/vc_column][\/vc_row][vc_row type=&#8221;full_width_background&#8221; bg_color=&#8221;#ff9632&#8243; top_padding=&#8221;40&#8243; bottom_padding=&#8221;40&#8243;][vc_column][textbar title=&#8221;NOVO &gt; Italijanski LED specialist &#8211; svetila BRAGA ILLUMINAZIONE&#8221; button_title=&#8221;braga portfelj&#8221; button_link=&#8221;https:\/\/www.svetilka-dom.si\/tinki-svetila\/codeless_portfolio\/braga-illuminazione\/&#8221; icon=&#8221;moon-certificate&#8221;][\/vc_column][\/vc_row][vc_row][vc_column][clients][\/vc_column][\/vc_row][vc_row type=&#8221;full_width_background&#8221; bg_color=&#8221;#f5f5f5&#8243;][vc_column][block_title title=&#8221;Komu in kaj smo ustregli&#8221;]Reference ali priporo\u010dila &#8211; oziroma katera dela in usluge, ter za koga smo jih do sedaj uspe\u0161no opravili. [&hellip;]<\/p>\n","protected":false},"author":1,"featured_media":0,"parent":2587,"menu_order":0,"comment_status":"closed","ping_status":"closed","template":"","meta":{"footnotes":""},"class_list":["post-2177","page","type-page","status-publish","hentry"],"acf":[],"yoast_head":"<!-- This site is optimized with the Yoast SEO plugin v25.6 - https:\/\/yoast.com\/wordpress\/plugins\/seo\/ -->\n<title>Reference - Svetila Tinki<\/title>\n<meta name=\"robots\" content=\"index, follow, max-snippet:-1, max-image-preview:large, max-video-preview:-1\" \/>\n<link rel=\"canonical\" href=\"https:\/\/www.svetilka-dom.si\/tinki-svetila\/tinki\/reference\/\" \/>\n<meta property=\"og:locale\" content=\"sl_SI\" \/>\n<meta property=\"og:type\" content=\"article\" \/>\n<meta property=\"og:title\" content=\"Reference - Svetila Tinki\" \/>\n<meta property=\"og:description\" content=\"[vc_row type=&#8221;full_width_content&#8221;][vc_column][vc_empty_space height=&#8221;20px&#8221;][\/vc_column][\/vc_row][vc_row type=&#8221;full_width_background&#8221; bg_color=&#8221;#ffffff&#8221; bottom_padding=&#8221;20&#8243;][vc_column][block_title title=&#8221;Z pomo\u010djo na\u0161ih partnerjev&#8221;] Pomagamo tudi vam [\/block_title][\/vc_column][\/vc_row][vc_row type=&#8221;full_width_background&#8221; bg_color=&#8221;#ff9632&#8243; top_padding=&#8221;40&#8243; bottom_padding=&#8221;40&#8243;][vc_column][textbar title=&#8221;NOVO &gt; Italijanski LED specialist &#8211; svetila BRAGA ILLUMINAZIONE&#8221; button_title=&#8221;braga portfelj&#8221; button_link=&#8221;https:\/\/www.svetilka-dom.si\/tinki-svetila\/codeless_portfolio\/braga-illuminazione\/&#8221; icon=&#8221;moon-certificate&#8221;][\/vc_column][\/vc_row][vc_row][vc_column][clients][\/vc_column][\/vc_row][vc_row type=&#8221;full_width_background&#8221; bg_color=&#8221;#f5f5f5&#8243;][vc_column][block_title title=&#8221;Komu in kaj smo ustregli&#8221;]Reference ali priporo\u010dila &#8211; oziroma katera dela in usluge, ter za koga smo jih do sedaj uspe\u0161no opravili. [&hellip;]\" \/>\n<meta property=\"og:url\" content=\"https:\/\/www.svetilka-dom.si\/tinki-svetila\/tinki\/reference\/\" \/>\n<meta property=\"og:site_name\" content=\"Svetila Tinki\" \/>\n<meta property=\"article:modified_time\" content=\"2021-05-23T17:46:26+00:00\" \/>\n<meta name=\"twitter:card\" content=\"summary_large_image\" \/>\n<meta name=\"twitter:label1\" content=\"Est. reading time\" \/>\n\t<meta name=\"twitter:data1\" content=\"2 minuti\" \/>\n<script type=\"application\/ld+json\" class=\"yoast-schema-graph\">{\"@context\":\"https:\/\/schema.org\",\"@graph\":[{\"@type\":\"WebPage\",\"@id\":\"https:\/\/www.svetilka-dom.si\/tinki-svetila\/tinki\/reference\/\",\"url\":\"https:\/\/www.svetilka-dom.si\/tinki-svetila\/tinki\/reference\/\",\"name\":\"Reference - Svetila Tinki\",\"isPartOf\":{\"@id\":\"https:\/\/www.svetilka-dom.si\/tinki-svetila\/#website\"},\"datePublished\":\"2017-05-20T15:54:03+00:00\",\"dateModified\":\"2021-05-23T17:46:26+00:00\",\"breadcrumb\":{\"@id\":\"https:\/\/www.svetilka-dom.si\/tinki-svetila\/tinki\/reference\/#breadcrumb\"},\"inLanguage\":\"sl-SI\",\"potentialAction\":[{\"@type\":\"ReadAction\",\"target\":[\"https:\/\/www.svetilka-dom.si\/tinki-svetila\/tinki\/reference\/\"]}]},{\"@type\":\"BreadcrumbList\",\"@id\":\"https:\/\/www.svetilka-dom.si\/tinki-svetila\/tinki\/reference\/#breadcrumb\",\"itemListElement\":[{\"@type\":\"ListItem\",\"position\":1,\"name\":\"Home\",\"item\":\"https:\/\/www.svetilka-dom.si\/tinki-svetila\/\"},{\"@type\":\"ListItem\",\"position\":2,\"name\":\"Tinki\",\"item\":\"https:\/\/www.svetilka-dom.si\/tinki-svetila\/tinki\/\"},{\"@type\":\"ListItem\",\"position\":3,\"name\":\"Reference\"}]},{\"@type\":\"WebSite\",\"@id\":\"https:\/\/www.svetilka-dom.si\/tinki-svetila\/#website\",\"url\":\"https:\/\/www.svetilka-dom.si\/tinki-svetila\/\",\"name\":\"Svetila Tinki\",\"description\":\"Katalo\u0161ka prodaja svetil in Retro trgovina\",\"publisher\":{\"@id\":\"https:\/\/www.svetilka-dom.si\/tinki-svetila\/#organization\"},\"potentialAction\":[{\"@type\":\"SearchAction\",\"target\":{\"@type\":\"EntryPoint\",\"urlTemplate\":\"https:\/\/www.svetilka-dom.si\/tinki-svetila\/?s={search_term_string}\"},\"query-input\":{\"@type\":\"PropertyValueSpecification\",\"valueRequired\":true,\"valueName\":\"search_term_string\"}}],\"inLanguage\":\"sl-SI\"},{\"@type\":\"Organization\",\"@id\":\"https:\/\/www.svetilka-dom.si\/tinki-svetila\/#organization\",\"name\":\"TINKI, Tilen \u0160enk s.p.\",\"url\":\"https:\/\/www.svetilka-dom.si\/tinki-svetila\/\",\"logo\":{\"@type\":\"ImageObject\",\"inLanguage\":\"sl-SI\",\"@id\":\"https:\/\/www.svetilka-dom.si\/tinki-svetila\/#\/schema\/logo\/image\/\",\"url\":\"https:\/\/www.svetilka-dom.si\/tinki-svetila\/wp-content\/uploads\/2017\/04\/tinki-logo_100.png\",\"contentUrl\":\"https:\/\/www.svetilka-dom.si\/tinki-svetila\/wp-content\/uploads\/2017\/04\/tinki-logo_100.png\",\"width\":100,\"height\":47,\"caption\":\"TINKI, Tilen \u0160enk s.p.\"},\"image\":{\"@id\":\"https:\/\/www.svetilka-dom.si\/tinki-svetila\/#\/schema\/logo\/image\/\"}}]}<\/script>\n<!-- \/ Yoast SEO plugin. -->","yoast_head_json":{"title":"Reference - Svetila Tinki","robots":{"index":"index","follow":"follow","max-snippet":"max-snippet:-1","max-image-preview":"max-image-preview:large","max-video-preview":"max-video-preview:-1"},"canonical":"https:\/\/www.svetilka-dom.si\/tinki-svetila\/tinki\/reference\/","og_locale":"sl_SI","og_type":"article","og_title":"Reference - Svetila Tinki","og_description":"[vc_row type=&#8221;full_width_content&#8221;][vc_column][vc_empty_space height=&#8221;20px&#8221;][\/vc_column][\/vc_row][vc_row type=&#8221;full_width_background&#8221; bg_color=&#8221;#ffffff&#8221; bottom_padding=&#8221;20&#8243;][vc_column][block_title title=&#8221;Z pomo\u010djo na\u0161ih partnerjev&#8221;] Pomagamo tudi vam [\/block_title][\/vc_column][\/vc_row][vc_row type=&#8221;full_width_background&#8221; bg_color=&#8221;#ff9632&#8243; top_padding=&#8221;40&#8243; bottom_padding=&#8221;40&#8243;][vc_column][textbar title=&#8221;NOVO &gt; Italijanski LED specialist &#8211; svetila BRAGA ILLUMINAZIONE&#8221; button_title=&#8221;braga portfelj&#8221; button_link=&#8221;https:\/\/www.svetilka-dom.si\/tinki-svetila\/codeless_portfolio\/braga-illuminazione\/&#8221; icon=&#8221;moon-certificate&#8221;][\/vc_column][\/vc_row][vc_row][vc_column][clients][\/vc_column][\/vc_row][vc_row type=&#8221;full_width_background&#8221; bg_color=&#8221;#f5f5f5&#8243;][vc_column][block_title title=&#8221;Komu in kaj smo ustregli&#8221;]Reference ali priporo\u010dila &#8211; oziroma katera dela in usluge, ter za koga smo jih do sedaj uspe\u0161no opravili. [&hellip;]","og_url":"https:\/\/www.svetilka-dom.si\/tinki-svetila\/tinki\/reference\/","og_site_name":"Svetila Tinki","article_modified_time":"2021-05-23T17:46:26+00:00","twitter_card":"summary_large_image","twitter_misc":{"Est. reading time":"2 minuti"},"schema":{"@context":"https:\/\/schema.org","@graph":[{"@type":"WebPage","@id":"https:\/\/www.svetilka-dom.si\/tinki-svetila\/tinki\/reference\/","url":"https:\/\/www.svetilka-dom.si\/tinki-svetila\/tinki\/reference\/","name":"Reference - Svetila Tinki","isPartOf":{"@id":"https:\/\/www.svetilka-dom.si\/tinki-svetila\/#website"},"datePublished":"2017-05-20T15:54:03+00:00","dateModified":"2021-05-23T17:46:26+00:00","breadcrumb":{"@id":"https:\/\/www.svetilka-dom.si\/tinki-svetila\/tinki\/reference\/#breadcrumb"},"inLanguage":"sl-SI","potentialAction":[{"@type":"ReadAction","target":["https:\/\/www.svetilka-dom.si\/tinki-svetila\/tinki\/reference\/"]}]},{"@type":"BreadcrumbList","@id":"https:\/\/www.svetilka-dom.si\/tinki-svetila\/tinki\/reference\/#breadcrumb","itemListElement":[{"@type":"ListItem","position":1,"name":"Home","item":"https:\/\/www.svetilka-dom.si\/tinki-svetila\/"},{"@type":"ListItem","position":2,"name":"Tinki","item":"https:\/\/www.svetilka-dom.si\/tinki-svetila\/tinki\/"},{"@type":"ListItem","position":3,"name":"Reference"}]},{"@type":"WebSite","@id":"https:\/\/www.svetilka-dom.si\/tinki-svetila\/#website","url":"https:\/\/www.svetilka-dom.si\/tinki-svetila\/","name":"Svetila Tinki","description":"Katalo\u0161ka prodaja svetil in Retro trgovina","publisher":{"@id":"https:\/\/www.svetilka-dom.si\/tinki-svetila\/#organization"},"potentialAction":[{"@type":"SearchAction","target":{"@type":"EntryPoint","urlTemplate":"https:\/\/www.svetilka-dom.si\/tinki-svetila\/?s={search_term_string}"},"query-input":{"@type":"PropertyValueSpecification","valueRequired":true,"valueName":"search_term_string"}}],"inLanguage":"sl-SI"},{"@type":"Organization","@id":"https:\/\/www.svetilka-dom.si\/tinki-svetila\/#organization","name":"TINKI, Tilen \u0160enk s.p.","url":"https:\/\/www.svetilka-dom.si\/tinki-svetila\/","logo":{"@type":"ImageObject","inLanguage":"sl-SI","@id":"https:\/\/www.svetilka-dom.si\/tinki-svetila\/#\/schema\/logo\/image\/","url":"https:\/\/www.svetilka-dom.si\/tinki-svetila\/wp-content\/uploads\/2017\/04\/tinki-logo_100.png","contentUrl":"https:\/\/www.svetilka-dom.si\/tinki-svetila\/wp-content\/uploads\/2017\/04\/tinki-logo_100.png","width":100,"height":47,"caption":"TINKI, Tilen \u0160enk s.p."},"image":{"@id":"https:\/\/www.svetilka-dom.si\/tinki-svetila\/#\/schema\/logo\/image\/"}}]}},"_links":{"self":[{"href":"https:\/\/www.svetilka-dom.si\/tinki-svetila\/wp-json\/wp\/v2\/pages\/2177","targetHints":{"allow":["GET"]}}],"collection":[{"href":"https:\/\/www.svetilka-dom.si\/tinki-svetila\/wp-json\/wp\/v2\/pages"}],"about":[{"href":"https:\/\/www.svetilka-dom.si\/tinki-svetila\/wp-json\/wp\/v2\/types\/page"}],"author":[{"embeddable":true,"href":"https:\/\/www.svetilka-dom.si\/tinki-svetila\/wp-json\/wp\/v2\/users\/1"}],"replies":[{"embeddable":true,"href":"https:\/\/www.svetilka-dom.si\/tinki-svetila\/wp-json\/wp\/v2\/comments?post=2177"}],"version-history":[{"count":0,"href":"https:\/\/www.svetilka-dom.si\/tinki-svetila\/wp-json\/wp\/v2\/pages\/2177\/revisions"}],"up":[{"embeddable":true,"href":"https:\/\/www.svetilka-dom.si\/tinki-svetila\/wp-json\/wp\/v2\/pages\/2587"}],"wp:attachment":[{"href":"https:\/\/www.svetilka-dom.si\/tinki-svetila\/wp-json\/wp\/v2\/media?parent=2177"}],"curies":[{"name":"wp","href":"https:\/\/api.w.org\/{rel}","templated":true}]}}